{"id":1554,"date":"2014-04-29T06:28:15","date_gmt":"2014-04-29T06:28:15","guid":{"rendered":"http:\/\/zeyn.detheme.com\/?page_id=1554"},"modified":"2017-09-26T16:48:07","modified_gmt":"2017-09-26T15:48:07","slug":"posts-grid","status":"publish","type":"page","link":"https:\/\/www.auxjardinsdessens.com\/?page_id=1554","title":{"rendered":"Lieux tendances"},"content":{"rendered":"<p><!--- start vc_row --><div class=\"wpb_row vc_row-fluid vc_custom_1422548442664\">\n\t<div class=\"vc_span12 wpb_column column_container\">\n\t\t<div class=\"wpb_wrapper\">\n\t\t\t<!--- start vc_row_inner --><div class=\"wpb_row vc_row-fluid\">\n\t<div class=\"vc_span12 wpb_column column_container vc_custom_1422346482027\">\n\t\t<div class=\"wpb_wrapper\">\n\t\t\t<div id=\"section-1-1777604719\" class=\" dt-section-head center size-large section-heading-swirl\">\r\n            <div class=\"dt-section-container\"><h1 class=\"section-main-title section-heading-swirl \" style=\"color:#afcb08\">\r\n                LIEUX TENDANCES\r\n            <\/h1><svg viewBox=\"0 0 64 22\">\r\n                <use xlink:href=\"https:\/\/www.auxjardinsdessens.com\/wp-content\/plugins\/zeyn_vc_addon\/images\/source.svg#swirl\"><\/use>\r\n            <\/svg>\r\n            <\/div><\/div>\n\t<div class=\"wpb_text_column wpb_content_element \">\n\t\t<div class=\"wpb_wrapper\">\n\t\t\t<h5 style=\"text-align: justify;\">D\u00e9couvrez des lieux r\u00e9f\u00e9renc\u00e9s par Aux Jardins des Sens.\u00a0Des pav\u00e9s du triangle d\u2019or au Nouvel Est parisien, nous\u00a0vous aidons et vous conseillons\u00a0dans la recherche du lieu id\u00e9al.\u00a0Louez la salle de vos r\u00eaves pour votre \u00e9v\u00e9nement et \u00e9merveillez vos invit\u00e9s.\u00a0Avec votre formule traiteur, choisissez la salle qui accueillera et mettra en valeur votre \u00e9v\u00e9nement professionnel.\u00a0Vous r\u00eavez d\u2019un espace hors du commun ? Aux Jardins des Sens le trouve pour vous !<\/h5>\n\n\t\t<\/div> \n\t<\/div> \n\t\t<\/div> \n\t<\/div> \n<\/div><!--- end vc_row_inner -->\n\t\t<\/div> \n\t<\/div> \n<\/div><!--- end vc_row --><!--- start vc_row --><div class=\"wpb_row vc_row-fluid vc_custom_1416508733848\">\n\t<div class=\"vc_span12 wpb_column column_container\">\n\t\t<div class=\"wpb_wrapper\">\n\t\t\t\n\t<div class=\"wpb_gallery wpb_posts_slider wpb_content_element\">\n\t\t<div class=\"wpb_wrapper\"><div class=\"wpb_gallery_slides wpb_flexslider flexslider_fade flexslider\" data-interval=\"10\" data-flex_fx=\"fade\"><ul class=\"slides\"><li><img loading=\"lazy\" decoding=\"async\" class=\"\" src=\"https:\/\/www.auxjardinsdessens.com\/wp-content\/uploads\/2019\/04\/MAM_Salle-2-1024x250.jpg\" width=\"1024\" height=\"250\" alt=\"Ce mus\u00e9e est le lieu id\u00e9al pour un cocktail de prestige qui enchantera vos invit\u00e9s.\" \/><div class=\"flex-caption\"><h2 class=\"post-title\">MUSEE D&rsquo;ART MODERNE<\/h2><p>Construit \u00e0 l\u2019occasion de l\u2019Exposition universelle de 1937, le Mus\u00e9e d\u2019Art moderne pr\u00e9sente une collection exceptionnelle de pr\u00e8s de 14 000 \u0153uvres t\u00e9moignant des grands courants artistiques des XXe et XXIe si\u00e8cles : les \u0153uvres fauves, cubistes, l\u2019Ecole de Paris, Bonnard, les arts d\u00e9coratifs de l\u2019entre-deux guerres, Delaunay, Dufy, Matisse ou encore Modigliani constituent les&hellip;<\/p>\n<\/div><\/li><li><img loading=\"lazy\" decoding=\"async\" class=\"\" src=\"https:\/\/www.auxjardinsdessens.com\/wp-content\/uploads\/2019\/04\/Elyse\u0301e-Montmartre-Salle-2-1000x250.jpg\" width=\"1000\" height=\"250\" alt=\"Int\u00e9rieur de la salle de r\u00e9ception et de spectacles l'Elys\u00e9e Montmartre\" \/><div class=\"flex-caption\"><h2 class=\"post-title\">ELYSEE MONTMARTRE<\/h2><p>Premi\u00e8re salle de bal parisienne, l\u2019\u00c9lys\u00e9e Montmartre est inaugur\u00e9 en 1807. Artistes, cocottes, hommes de lettres et ouvriers viennent admirer les danseuses et leurs pas endiabl\u00e9s : polka, chahut&#8230; Ce n\u2019est pas un hasard si l\u2019\u00c9lys\u00e9e Montmartre voit na\u00eetre le French Cancan. Offrant 1000 m2, l\u2019\u00c9lys\u00e9e Montmartre accueille jusqu&rsquo;\u00e0 1000 personnes en cocktail, soir\u00e9e, concert&hellip;<\/p>\n<\/div><\/li><li><img loading=\"lazy\" decoding=\"async\" class=\"\" src=\"https:\/\/www.auxjardinsdessens.com\/wp-content\/uploads\/2019\/04\/Le-Trianon-Salle-de-bal-2-1000x250.jpg\" width=\"1000\" height=\"250\" alt=\"Votre traiteur de Saint-Cloud (92) vous propose cette sublime salle pour vos \u00e9v\u00e9nements.\" \/><div class=\"flex-caption\"><h2 class=\"post-title\">TRIANON<\/h2><p>Au 19e si\u00e8cle, la fi\u00e8vre des arts et du spectacle embrase Paris. Le Trianon, monument parisien de culture et de divertissement, a vu d\u00e9filer les modes et les artistes depuis plus d\u2019un si\u00e8cle. Du th\u00e9\u00e2tre \u00e0 la salle de bal, en passant par le jardin d\u2019hiver, le Trianon accueille de 200 \u00e0 1000 personnes en&hellip;<\/p>\n<\/div><\/li><li><img loading=\"lazy\" decoding=\"async\" class=\"\" src=\"https:\/\/www.auxjardinsdessens.com\/wp-content\/uploads\/2017\/09\/DSC_0269-1024x250.jpg\" width=\"1024\" height=\"250\" alt=\"DSC_0269\" \/><div class=\"flex-caption\"><h2 class=\"post-title\">SALON HONNORAT<\/h2><p>Le salon Honnorat peut accueillir jusqu\u2019\u00e0 400 personnes. Il est dot\u00e9 d\u2019un parquet Versailles, de chemin\u00e9es en marbre, d\u2019une hauteur sous plafond de 8,20 m et\u00a0d\u2019une vue imprenable sur le\u00a0parc. Il est \u00e9quip\u00e9 d\u2019une sonorisation et d\u2019un \u00e9cran fixe de 20m\u00b2. &nbsp; 17, boulevard Jourdan, 75014 Paris &nbsp; http:\/\/www.ciup.fr\/salon-honnorat &nbsp; Pour toute demande de renseignement&hellip;<\/p>\n<\/div><\/li><li><img loading=\"lazy\" decoding=\"async\" class=\"\" src=\"https:\/\/www.auxjardinsdessens.com\/wp-content\/uploads\/2017\/09\/DSC_1807-848x250.jpg\" width=\"848\" height=\"250\" alt=\"DSC_1807\" \/><div class=\"flex-caption\"><h2 class=\"post-title\">TERRASS KARDINAL<\/h2><p>Au c\u0153ur du Quartier Latin, la Terrass Kardinal est nich\u00e9e au 7\u00e8me et dernier \u00e9tage d\u2019un immeuble certifi\u00e9 HQE (Haute Qualit\u00e9 Environnemental) et THPE (Tr\u00e8s Haute Performance Energ\u00e9tique). L\u2019espace est compos\u00e9 d\u2019un loft de 230m2 prolong\u00e9 d\u2019une terrasse am\u00e9nag\u00e9e de 150m2. Con\u00e7u pour recevoir des \u00e9v\u00e8nements \u00e0 l\u2019int\u00e9rieur et \u00e0 l\u2019ext\u00e9rieur, conf\u00e9rences, lancements de produits,&hellip;<\/p>\n<\/div><\/li><\/ul><\/div>\n\t\t<\/div> \n\t<\/div> \n\t\t<\/div> \n\t<\/div> \n<\/div><!--- end vc_row --><!--- start vc_row --><div class=\"wpb_row vc_row-fluid vc_custom_detheme4\">\n\t<div class=\"vc_span12 wpb_column column_container\">\n\t\t<div class=\"wpb_wrapper\">\n\t\t\t<div class=\"post-masonry wpb_row wpb_teaser_grid wpb_content_element wpb_grid columns_count_3 columns_count_3 \">\n    <div class=\"wpb_wrapper\">\n                <div class=\"teaser_grid_container\">\n                        <ul class=\"wpb_thumbnails wpb_thumbnails-fluid vc_clearfix\" data-layout-mode=\"masonry\">\n                                                                                <li class=\"isotope-item vc_span4 grid-cat-36 grid-cat-21\">\n                    <div class=\"isotope-inner gallery\">\n                        \t\t\t\t\t\t\t\t\t\t\t\n<div id=\"gallery-carousel-11860\" class=\"carousel slide post-gallery-carousel\" data-ride=\"carousel\" data-interval=\"3000\">\n       <div class=\"carousel-inner\">\n                                                                <div class=\"item active\"><img decoding=\"async\" src=\"https:\/\/www.auxjardinsdessens.com\/wp-content\/uploads\/2017\/09\/DSC_4678_2140-370x240.jpg\" class=\"img-responsive\" alt=\"\" \/><\/div>\n                                                                <div class=\"item \"><img decoding=\"async\" src=\"https:\/\/www.auxjardinsdessens.com\/wp-content\/uploads\/2017\/09\/DSC_4673_2135-370x240.jpg\" class=\"img-responsive\" alt=\"\" \/><\/div>\n                                                                <div class=\"item \"><img decoding=\"async\" src=\"https:\/\/www.auxjardinsdessens.com\/wp-content\/uploads\/2017\/09\/DSC_4750_2212-370x240.jpg\" class=\"img-responsive\" alt=\"\" \/><\/div>\n                                                                <div class=\"item \"><img decoding=\"async\" src=\"https:\/\/www.auxjardinsdessens.com\/wp-content\/uploads\/2017\/09\/DSC_4660_2122-370x240.jpg\" class=\"img-responsive\" alt=\"\" \/><\/div>\n                                                                <div class=\"item \"><img decoding=\"async\" src=\"https:\/\/www.auxjardinsdessens.com\/wp-content\/uploads\/2017\/09\/DSC_4664_2126-370x240.jpg\" class=\"img-responsive\" alt=\"\" \/><\/div>\n                                                                <div class=\"item \"><img decoding=\"async\" src=\"https:\/\/www.auxjardinsdessens.com\/wp-content\/uploads\/2017\/09\/DSC_4755_2217-370x240.jpg\" class=\"img-responsive\" alt=\"\" \/><\/div>\n                                                                <div class=\"item \"><img decoding=\"async\" src=\"https:\/\/www.auxjardinsdessens.com\/wp-content\/uploads\/2017\/09\/DSC_4687_2149-370x240.jpg\" class=\"img-responsive\" alt=\"\" \/><\/div>\n                                                                <div class=\"item \"><img decoding=\"async\" src=\"https:\/\/www.auxjardinsdessens.com\/wp-content\/uploads\/2017\/09\/DSC_4730_2192-370x240.jpg\" class=\"img-responsive\" alt=\"\" \/><\/div>\n                                                                <div class=\"item \"><img decoding=\"async\" src=\"https:\/\/www.auxjardinsdessens.com\/wp-content\/uploads\/2017\/09\/DSC_4764_2226-370x240.jpg\" class=\"img-responsive\" alt=\"\" \/><\/div>\n                                                                <div class=\"item \"><img decoding=\"async\" src=\"https:\/\/www.auxjardinsdessens.com\/wp-content\/uploads\/2017\/09\/DSC_4780_2242-370x240.jpg\" class=\"img-responsive\" alt=\"\" \/><\/div>\n                                                                <div class=\"item \"><img decoding=\"async\" src=\"https:\/\/www.auxjardinsdessens.com\/wp-content\/uploads\/2017\/09\/DSC_4701_2163-370x240.jpg\" class=\"img-responsive\" alt=\"\" \/><\/div>\n                                                                <div class=\"item \"><img decoding=\"async\" src=\"https:\/\/www.auxjardinsdessens.com\/wp-content\/uploads\/2017\/09\/DSC_4739_2201-370x240.jpg\" class=\"img-responsive\" alt=\"\" \/><\/div>\n                                                                <div class=\"item \"><img decoding=\"async\" src=\"https:\/\/www.auxjardinsdessens.com\/wp-content\/uploads\/2017\/09\/DSC_4712_2174-370x240.jpg\" class=\"img-responsive\" alt=\"\" \/><\/div>\n                                                                <div class=\"item \"><img decoding=\"async\" src=\"https:\/\/www.auxjardinsdessens.com\/wp-content\/uploads\/2017\/09\/DSC_4735_2197-370x240.jpg\" class=\"img-responsive\" alt=\"\" \/><\/div>\n                                                            <\/div><!--div class=\"carousel-inner\"-->\n        <div class=\"post-gallery-carousel-nav\">\n        <div class=\"post-gallery-carousel-buttons\">\n            <a class=\"btn secondary_color_button skin-light\" href=\"#gallery-carousel-11860\" data-slide=\"prev\">\n              <span><i class=\"icon-left-open-big\"><\/i><\/span>\n            <\/a>\n            <a class=\"btn secondary_color_button skin-light\" href=\"#gallery-carousel-11860\" data-slide=\"next\">\n              <span><i class=\"icon-right-open-big\"><\/i><\/span>\n            <\/a>\n        <\/div>\n    <\/div>\n<\/div>  \n\t\t\t\t\t\t\t\n\n<div class=\"post-info\">\n\t<h4><a href=\"https:\/\/www.auxjardinsdessens.com\/?p=11860\" class=\"vc_read_more\" title=\"Detail to L&rsquo;ATELIER DU FRANCE\" target=\"_self\">L&rsquo;ATELIER DU FRANCE<\/a><\/h4>\n\t<div class=\"post-content\">\n\t\t<p>Ce lieu atypique et chaleureux, aux magnifiques volumes, offre \u00e0 travers ses larges baies vitr\u00e9es ouvrantes, une vue incomparable sur la Seine et l\u2019Ile-aux-Cygnes. Dot\u00e9 d\u2019une superbe terrasse le long du quai, l\u2019Atelier du France dispose \u00e9galement, pour les soir\u00e9es d\u2019hiver, d\u2019une tr\u00e8s belle chemin\u00e9e assembl\u00e9e comme son bar, avec des t\u00f4les de construction navale.&hellip;<\/p>\n\t<\/div>\n<\/div>\n<div class=\"postmetabottom\">\n\t<div class=\"col-xs-7\">\n\t\t\t<\/div>\n\t\n<\/div>\n                    <\/div>\n                <\/li>                                                 <li class=\"isotope-item vc_span4 grid-cat-21 grid-cat-4\">\n                    <div class=\"isotope-inner gallery\">\n                        \t\t\t\t\t\t\t\t\t\t\t\n<div id=\"gallery-carousel-10593\" class=\"carousel slide post-gallery-carousel\" data-ride=\"carousel\" data-interval=\"3000\">\n       <div class=\"carousel-inner\">\n                                                                <div class=\"item active\"><img decoding=\"async\" src=\"https:\/\/www.auxjardinsdessens.com\/wp-content\/uploads\/2014\/11\/mus\u00e9e-guimet-2-e1423069598748-370x240.jpg\" class=\"img-responsive\" alt=\"\" \/><\/div>\n                                                                <div class=\"item \"><img decoding=\"async\" src=\"https:\/\/www.auxjardinsdessens.com\/wp-content\/uploads\/2014\/11\/mus\u00e9-guimet-4-e1423069616302-370x240.jpg\" class=\"img-responsive\" alt=\"\" \/><\/div>\n                                                                <div class=\"item \"><img decoding=\"async\" src=\"https:\/\/www.auxjardinsdessens.com\/wp-content\/uploads\/2014\/11\/mus\u00e9e-guimet-3-e1423069634499-370x240.jpg\" class=\"img-responsive\" alt=\"\" \/><\/div>\n                                                                <div class=\"item \"><img decoding=\"async\" src=\"https:\/\/www.auxjardinsdessens.com\/wp-content\/uploads\/2014\/11\/Mus\u00e9e-guimet-5-e1423069657876-370x240.jpg\" class=\"img-responsive\" alt=\"\" \/><\/div>\n                                                            <\/div><!--div class=\"carousel-inner\"-->\n        <div class=\"post-gallery-carousel-nav\">\n        <div class=\"post-gallery-carousel-buttons\">\n            <a class=\"btn secondary_color_button skin-light\" href=\"#gallery-carousel-10593\" data-slide=\"prev\">\n              <span><i class=\"icon-left-open-big\"><\/i><\/span>\n            <\/a>\n            <a class=\"btn secondary_color_button skin-light\" href=\"#gallery-carousel-10593\" data-slide=\"next\">\n              <span><i class=\"icon-right-open-big\"><\/i><\/span>\n            <\/a>\n        <\/div>\n    <\/div>\n<\/div>  \n\t\t\t\t\t\t\t\n\n<div class=\"post-info\">\n\t<h4><a href=\"https:\/\/www.auxjardinsdessens.com\/?p=10593\" class=\"vc_read_more\" title=\"Detail to LE MUSEE GUIMET\" target=\"_self\">LE MUSEE GUIMET<\/a><\/h4>\n\t<div class=\"post-content\">\n\t\t<p>Le mus\u00e9e national des arts asiatiques &#8211; Guimet, abr\u00e9g\u00e9 en MNAAG et appel\u00e9 encore couramment Mus\u00e9e Guimet, est un mus\u00e9e d&rsquo;arts asiatiques situ\u00e9 \u00e0 Paris, 6 place d&rsquo;I\u00e9na, dans le 16\u1d49 arrondissement. Con\u00e7u, lors de sa r\u00e9novation, en 1997, comme un grand centre de la connaissance des civilisations asiatiques au c\u0153ur de l\u2019Europe, il pr\u00e9sente&hellip;<\/p>\n\t<\/div>\n<\/div>\n<div class=\"postmetabottom\">\n\t<div class=\"col-xs-7\">\n\t\t\t<\/div>\n\t\n<\/div>\n                    <\/div>\n                <\/li>                                                 <li class=\"isotope-item vc_span4 grid-cat-21 grid-cat-1\">\n                    <div class=\"isotope-inner gallery\">\n                        \t\t\t\t\t\t\t\t\t\t\t\n<div id=\"gallery-carousel-11902\" class=\"carousel slide post-gallery-carousel\" data-ride=\"carousel\" data-interval=\"3000\">\n       <div class=\"carousel-inner\">\n                                                                <div class=\"item active\"><img decoding=\"async\" src=\"https:\/\/www.auxjardinsdessens.com\/wp-content\/uploads\/2017\/09\/DSC_9419-370x240.jpg\" class=\"img-responsive\" alt=\"\" \/><\/div>\n                                                                <div class=\"item \"><img decoding=\"async\" src=\"https:\/\/www.auxjardinsdessens.com\/wp-content\/uploads\/2017\/09\/DSC_9431-370x240.jpg\" class=\"img-responsive\" alt=\"\" \/><\/div>\n                                                                <div class=\"item \"><img decoding=\"async\" src=\"https:\/\/www.auxjardinsdessens.com\/wp-content\/uploads\/2017\/09\/DSC_9414-370x240.jpg\" class=\"img-responsive\" alt=\"\" \/><\/div>\n                                                                <div class=\"item \"><img decoding=\"async\" src=\"https:\/\/www.auxjardinsdessens.com\/wp-content\/uploads\/2017\/09\/DSC_9407-370x240.jpg\" class=\"img-responsive\" alt=\"\" \/><\/div>\n                                                                <div class=\"item \"><img decoding=\"async\" src=\"https:\/\/www.auxjardinsdessens.com\/wp-content\/uploads\/2017\/09\/DSC_9398-370x240.jpg\" class=\"img-responsive\" alt=\"\" \/><\/div>\n                                                                <div class=\"item \"><img decoding=\"async\" src=\"https:\/\/www.auxjardinsdessens.com\/wp-content\/uploads\/2017\/09\/DSC_9400-370x240.jpg\" class=\"img-responsive\" alt=\"\" \/><\/div>\n                                                                <div class=\"item \"><img decoding=\"async\" src=\"https:\/\/www.auxjardinsdessens.com\/wp-content\/uploads\/2017\/09\/DSC_9411-370x240.jpg\" class=\"img-responsive\" alt=\"\" \/><\/div>\n                                                            <\/div><!--div class=\"carousel-inner\"-->\n        <div class=\"post-gallery-carousel-nav\">\n        <div class=\"post-gallery-carousel-buttons\">\n            <a class=\"btn secondary_color_button skin-light\" href=\"#gallery-carousel-11902\" data-slide=\"prev\">\n              <span><i class=\"icon-left-open-big\"><\/i><\/span>\n            <\/a>\n            <a class=\"btn secondary_color_button skin-light\" href=\"#gallery-carousel-11902\" data-slide=\"next\">\n              <span><i class=\"icon-right-open-big\"><\/i><\/span>\n            <\/a>\n        <\/div>\n    <\/div>\n<\/div>  \n\t\t\t\t\t\t\t\n\n<div class=\"post-info\">\n\t<h4><a href=\"https:\/\/www.auxjardinsdessens.com\/?p=11902\" class=\"vc_read_more\" title=\"Detail to LES SALONS HOCHE-TERRASSE\" target=\"_self\">LES SALONS HOCHE-TERRASSE<\/a><\/h4>\n\t<div class=\"post-content\">\n\t\t<p>Au d\u00e9but du XX\u00e8me si\u00e8cle, en pleines \u00ab\u00a0ann\u00e9es folles\u00a0\u00bb, le 9 Avenue Hoche n&rsquo;\u00e9tait autre qu&rsquo;un dancing o\u00f9 l&rsquo;on vint guincher. Compos\u00e9 du salon Etoile, le salon Marceau, le salon Elys\u00e9e, le salon Vend\u00f4me et d\u2019une terrasse arbor\u00e9e et spacieuse situ\u00e9e au 3\u00e8me \u00e9tage. Les Salons Hoche sont d\u00e9sormais un lieu de r\u00e9f\u00e9rence dans l&rsquo;organisation&hellip;<\/p>\n\t<\/div>\n<\/div>\n<div class=\"postmetabottom\">\n\t<div class=\"col-xs-7\">\n\t\t\t<\/div>\n\t\n<\/div>\n                    <\/div>\n                <\/li>                                                 <li class=\"isotope-item vc_span4 grid-cat-21 grid-cat-1\">\n                    <div class=\"isotope-inner gallery\">\n                        \t\t\t\t\t\t\t\t\t\t\t\n<div id=\"gallery-carousel-10591\" class=\"carousel slide post-gallery-carousel\" data-ride=\"carousel\" data-interval=\"3000\">\n       <div class=\"carousel-inner\">\n                                                                <div class=\"item active\"><img decoding=\"async\" src=\"https:\/\/www.auxjardinsdessens.com\/wp-content\/uploads\/2014\/11\/salle_partenaire_idbuffet_jardin_acclimatation_pavillon_pont_g-e1423069264149-370x240.jpg\" class=\"img-responsive\" alt=\"\" \/><\/div>\n                                                                <div class=\"item \"><img decoding=\"async\" src=\"https:\/\/www.auxjardinsdessens.com\/wp-content\/uploads\/2014\/11\/salle_partenaire_idbuffet_jardin_acclimatation_pavillon_terrasse_2_g-e1423069295369-370x240.jpg\" class=\"img-responsive\" alt=\"\" \/><\/div>\n                                                                <div class=\"item \"><img decoding=\"async\" src=\"https:\/\/www.auxjardinsdessens.com\/wp-content\/uploads\/2014\/11\/salle_partenaire_idbuffet_jardin_acclimatation_pavillon_terrasse_g-e1423069312232-370x240.jpg\" class=\"img-responsive\" alt=\"\" \/><\/div>\n                                                                <div class=\"item \"><img decoding=\"async\" src=\"https:\/\/www.auxjardinsdessens.com\/wp-content\/uploads\/2014\/11\/Palais-dHiver-pl\u00e9ni\u00e8re-et-terrasse-e1423069363282-370x240.jpg\" class=\"img-responsive\" alt=\"\" \/><\/div>\n                                                            <\/div><!--div class=\"carousel-inner\"-->\n        <div class=\"post-gallery-carousel-nav\">\n        <div class=\"post-gallery-carousel-buttons\">\n            <a class=\"btn secondary_color_button skin-light\" href=\"#gallery-carousel-10591\" data-slide=\"prev\">\n              <span><i class=\"icon-left-open-big\"><\/i><\/span>\n            <\/a>\n            <a class=\"btn secondary_color_button skin-light\" href=\"#gallery-carousel-10591\" data-slide=\"next\">\n              <span><i class=\"icon-right-open-big\"><\/i><\/span>\n            <\/a>\n        <\/div>\n    <\/div>\n<\/div>  \n\t\t\t\t\t\t\t\n\n<div class=\"post-info\">\n\t<h4><a href=\"https:\/\/www.auxjardinsdessens.com\/?p=10591\" class=\"vc_read_more\" title=\"Detail to LE JARDIN D&rsquo;ACCLIMATATION\" target=\"_self\">LE JARDIN D&rsquo;ACCLIMATATION<\/a><\/h4>\n\t<div class=\"post-content\">\n\t\t<p>Parc de la Ville de Paris, fleuron du Second Empire inaugur\u00e9 en 1860 par Napol\u00e9on III et l\u2019Imp\u00e9ratrice Eug\u00e9nie, le Jardin d\u2019Acclimatation vous invite \u00e0 d\u00e9couvrir ces lieux de r\u00e9ception uniques, \u00e0 quelques minutes seulement de la Place de l\u2019\u00c9toile. La Grande Verri\u00e8re, le Pavillon des Oiseaux, le Palais d\u2019Hiver, ou bien le Th\u00e9\u00e2tre du&hellip;<\/p>\n\t<\/div>\n<\/div>\n<div class=\"postmetabottom\">\n\t<div class=\"col-xs-7\">\n\t\t\t<\/div>\n\t\n<\/div>\n                    <\/div>\n                <\/li>                                                 <li class=\"isotope-item vc_span4 grid-cat-21 grid-cat-4\">\n                    <div class=\"isotope-inner gallery\">\n                        \t\t\t\t\t\t\t\t\t\t\t\n<div id=\"gallery-carousel-11873\" class=\"carousel slide post-gallery-carousel\" data-ride=\"carousel\" data-interval=\"3000\">\n       <div class=\"carousel-inner\">\n                                                                <div class=\"item active\"><img decoding=\"async\" src=\"https:\/\/www.auxjardinsdessens.com\/wp-content\/uploads\/2017\/09\/DSC_3537_1303-370x240.jpg\" class=\"img-responsive\" alt=\"\" \/><\/div>\n                                                                <div class=\"item \"><img decoding=\"async\" src=\"https:\/\/www.auxjardinsdessens.com\/wp-content\/uploads\/2017\/09\/DSC_3544_1310-370x240.jpg\" class=\"img-responsive\" alt=\"\" \/><\/div>\n                                                                <div class=\"item \"><img decoding=\"async\" src=\"https:\/\/www.auxjardinsdessens.com\/wp-content\/uploads\/2017\/09\/DSC_3546_1312-370x240.jpg\" class=\"img-responsive\" alt=\"\" \/><\/div>\n                                                                <div class=\"item \"><img decoding=\"async\" src=\"https:\/\/www.auxjardinsdessens.com\/wp-content\/uploads\/2017\/09\/DSC_3550_1316-370x240.jpg\" class=\"img-responsive\" alt=\"\" \/><\/div>\n                                                                <div class=\"item \"><img decoding=\"async\" src=\"https:\/\/www.auxjardinsdessens.com\/wp-content\/uploads\/2017\/09\/DSC_3556_1322-370x240.jpg\" class=\"img-responsive\" alt=\"\" \/><\/div>\n                                                                <div class=\"item \"><img decoding=\"async\" src=\"https:\/\/www.auxjardinsdessens.com\/wp-content\/uploads\/2017\/09\/DSC_3572_1338-370x240.jpg\" class=\"img-responsive\" alt=\"\" \/><\/div>\n                                                                <div class=\"item \"><img decoding=\"async\" src=\"https:\/\/www.auxjardinsdessens.com\/wp-content\/uploads\/2017\/09\/DSC_3623_1388-370x240.jpg\" class=\"img-responsive\" alt=\"\" \/><\/div>\n                                                            <\/div><!--div class=\"carousel-inner\"-->\n        <div class=\"post-gallery-carousel-nav\">\n        <div class=\"post-gallery-carousel-buttons\">\n            <a class=\"btn secondary_color_button skin-light\" href=\"#gallery-carousel-11873\" data-slide=\"prev\">\n              <span><i class=\"icon-left-open-big\"><\/i><\/span>\n            <\/a>\n            <a class=\"btn secondary_color_button skin-light\" href=\"#gallery-carousel-11873\" data-slide=\"next\">\n              <span><i class=\"icon-right-open-big\"><\/i><\/span>\n            <\/a>\n        <\/div>\n    <\/div>\n<\/div>  \n\t\t\t\t\t\t\t\n\n<div class=\"post-info\">\n\t<h4><a href=\"https:\/\/www.auxjardinsdessens.com\/?p=11873\" class=\"vc_read_more\" title=\"Detail to L&rsquo;ATELIER RICHELIEU\" target=\"_self\">L&rsquo;ATELIER RICHELIEU<\/a><\/h4>\n\t<div class=\"post-content\">\n\t\t<p>Ancienne imprimerie du fameux magazine L&rsquo;Illustration cr\u00e9\u00e9e en 1862 sur les bases d&rsquo;un h\u00f4tel particulier du XVII\u00e8me si\u00e8cle, lieu insolite et contemporain, m\u00e9langeant modernisme et classique, est au service de votre image d&rsquo;entreprise : innovatrice et solide. L&rsquo;Atelier Richelieu est \u00e0 votre disposition pour accueillir tous vos Ev\u00e9nements d&rsquo;Entreprise : s\u00e9minaires de 10 \u00e0 180&hellip;<\/p>\n\t<\/div>\n<\/div>\n<div class=\"postmetabottom\">\n\t<div class=\"col-xs-7\">\n\t\t\t<\/div>\n\t\n<\/div>\n                    <\/div>\n                <\/li>                                                 <li class=\"isotope-item vc_span4 grid-cat-35 grid-cat-21 grid-cat-39\">\n                    <div class=\"isotope-inner gallery\">\n                        \t\t\t\t\t\t\t\t\t\t\t\n<div id=\"gallery-carousel-11729\" class=\"carousel slide post-gallery-carousel\" data-ride=\"carousel\" data-interval=\"3000\">\n       <div class=\"carousel-inner\">\n                                                                <div class=\"item active\"><img decoding=\"async\" src=\"https:\/\/www.auxjardinsdessens.com\/wp-content\/uploads\/2014\/11\/Pan-pipper-7-370x240.jpg\" class=\"img-responsive\" alt=\"\" \/><\/div>\n                                                                <div class=\"item \"><img decoding=\"async\" src=\"https:\/\/www.auxjardinsdessens.com\/wp-content\/uploads\/2014\/11\/pan-pipper-6-370x240.jpg\" class=\"img-responsive\" alt=\"\" \/><\/div>\n                                                                <div class=\"item \"><img decoding=\"async\" src=\"https:\/\/www.auxjardinsdessens.com\/wp-content\/uploads\/2014\/11\/Pan-pipper-5-370x240.jpg\" class=\"img-responsive\" alt=\"\" \/><\/div>\n                                                                <div class=\"item \"><img decoding=\"async\" src=\"https:\/\/www.auxjardinsdessens.com\/wp-content\/uploads\/2014\/11\/Pan-pipper-4-370x240.jpg\" class=\"img-responsive\" alt=\"\" \/><\/div>\n                                                                <div class=\"item \"><img decoding=\"async\" src=\"https:\/\/www.auxjardinsdessens.com\/wp-content\/uploads\/2014\/11\/Pan-pipper-3-370x240.jpg\" class=\"img-responsive\" alt=\"\" \/><\/div>\n                                                                <div class=\"item \"><img decoding=\"async\" src=\"https:\/\/www.auxjardinsdessens.com\/wp-content\/uploads\/2014\/11\/Pan-pipper-2-370x240.jpg\" class=\"img-responsive\" alt=\"\" \/><\/div>\n                                                                <div class=\"item \"><img decoding=\"async\" src=\"https:\/\/www.auxjardinsdessens.com\/wp-content\/uploads\/2014\/11\/Pan-pipper-1-370x240.jpg\" class=\"img-responsive\" alt=\"\" \/><\/div>\n                                                            <\/div><!--div class=\"carousel-inner\"-->\n        <div class=\"post-gallery-carousel-nav\">\n        <div class=\"post-gallery-carousel-buttons\">\n            <a class=\"btn secondary_color_button skin-light\" href=\"#gallery-carousel-11729\" data-slide=\"prev\">\n              <span><i class=\"icon-left-open-big\"><\/i><\/span>\n            <\/a>\n            <a class=\"btn secondary_color_button skin-light\" href=\"#gallery-carousel-11729\" data-slide=\"next\">\n              <span><i class=\"icon-right-open-big\"><\/i><\/span>\n            <\/a>\n        <\/div>\n    <\/div>\n<\/div>  \n\t\t\t\t\t\t\t\n\n<div class=\"post-info\">\n\t<h4><a href=\"https:\/\/www.auxjardinsdessens.com\/?p=11729\" class=\"vc_read_more\" title=\"Detail to LE PAN PIPPER\" target=\"_self\">LE PAN PIPPER<\/a><\/h4>\n\t<div class=\"post-content\">\n\t\t<p>Le Pan Piper est un lieu atypique id\u00e9al pour accueillir vos\u00a0\u00e9v\u00e9nements d\u2019entreprise. Gr\u00e2ce \u00e0 la modularit\u00e9 de ses espaces, il peut accueillir tout type d\u2019\u00e9v\u00e9nement, que ce soit en privatisation totale ou partielle, avec ou sans restauration. D\u2019une surface de 1500 m2, le Pan Piper dispose d\u2019un vaste hall de r\u00e9ception, id\u00e9al pour des expositions,&hellip;<\/p>\n\t<\/div>\n<\/div>\n<div class=\"postmetabottom\">\n\t<div class=\"col-xs-7\">\n\t\t\t<\/div>\n\t\n<\/div>\n                    <\/div>\n                <\/li>                                                 <li class=\"isotope-item vc_span4 grid-cat-21 grid-cat-4\">\n                    <div class=\"isotope-inner gallery\">\n                        \t\t\t\t\t\t\t\t\t\t\t\n<div id=\"gallery-carousel-12282\" class=\"carousel slide post-gallery-carousel\" data-ride=\"carousel\" data-interval=\"3000\">\n       <div class=\"carousel-inner\">\n                                                                <div class=\"item active\"><img decoding=\"async\" src=\"https:\/\/www.auxjardinsdessens.com\/wp-content\/uploads\/2019\/04\/MAM_Salle-1-370x240.jpg\" class=\"img-responsive\" alt=\"\" \/><\/div>\n                                                                <div class=\"item \"><img decoding=\"async\" src=\"https:\/\/www.auxjardinsdessens.com\/wp-content\/uploads\/2019\/04\/MAM_Salle-2-370x240.jpg\" class=\"img-responsive\" alt=\"\" \/><\/div>\n                                                                <div class=\"item \"><img decoding=\"async\" src=\"https:\/\/www.auxjardinsdessens.com\/wp-content\/uploads\/2019\/04\/MAM_Salle-9_@Pierre_Antoine-370x240.jpg\" class=\"img-responsive\" alt=\"\" \/><\/div>\n                                                                <div class=\"item \"><img decoding=\"async\" src=\"https:\/\/www.auxjardinsdessens.com\/wp-content\/uploads\/2019\/04\/MAM_Salle-Dufy-370x240.jpg\" class=\"img-responsive\" alt=\"\" \/><\/div>\n                                                                <div class=\"item \"><img decoding=\"async\" src=\"https:\/\/www.auxjardinsdessens.com\/wp-content\/uploads\/2019\/04\/MAM_Salle-Matisse-370x240.jpg\" class=\"img-responsive\" alt=\"\" \/><\/div>\n                                                            <\/div><!--div class=\"carousel-inner\"-->\n        <div class=\"post-gallery-carousel-nav\">\n        <div class=\"post-gallery-carousel-buttons\">\n            <a class=\"btn secondary_color_button skin-light\" href=\"#gallery-carousel-12282\" data-slide=\"prev\">\n              <span><i class=\"icon-left-open-big\"><\/i><\/span>\n            <\/a>\n            <a class=\"btn secondary_color_button skin-light\" href=\"#gallery-carousel-12282\" data-slide=\"next\">\n              <span><i class=\"icon-right-open-big\"><\/i><\/span>\n            <\/a>\n        <\/div>\n    <\/div>\n<\/div>  \n\t\t\t\t\t\t\t\n\n<div class=\"post-info\">\n\t<h4><a href=\"https:\/\/www.auxjardinsdessens.com\/?p=12282\" class=\"vc_read_more\" title=\"Detail to MUSEE D&rsquo;ART MODERNE\" target=\"_self\">MUSEE D&rsquo;ART MODERNE<\/a><\/h4>\n\t<div class=\"post-content\">\n\t\t<p>Construit \u00e0 l\u2019occasion de l\u2019Exposition universelle de 1937, le Mus\u00e9e d\u2019Art moderne pr\u00e9sente une collection exceptionnelle de pr\u00e8s de 14 000 \u0153uvres t\u00e9moignant des grands courants artistiques des XXe et XXIe si\u00e8cles : les \u0153uvres fauves, cubistes, l\u2019Ecole de Paris, Bonnard, les arts d\u00e9coratifs de l\u2019entre-deux guerres, Delaunay, Dufy, Matisse ou encore Modigliani constituent les&hellip;<\/p>\n\t<\/div>\n<\/div>\n<div class=\"postmetabottom\">\n\t<div class=\"col-xs-7\">\n\t\t\t<\/div>\n\t\n<\/div>\n                    <\/div>\n                <\/li>                                                 <li class=\"isotope-item vc_span4 grid-cat-21 grid-cat-39\">\n                    <div class=\"isotope-inner gallery\">\n                        \t\t\t\t\t\t\t\t\t\t\t\n<div id=\"gallery-carousel-11890\" class=\"carousel slide post-gallery-carousel\" data-ride=\"carousel\" data-interval=\"3000\">\n       <div class=\"carousel-inner\">\n                                                                <div class=\"item active\"><img decoding=\"async\" src=\"https:\/\/www.auxjardinsdessens.com\/wp-content\/uploads\/2017\/09\/DSC_7066-370x240.jpg\" class=\"img-responsive\" alt=\"\" \/><\/div>\n                                                                <div class=\"item \"><img decoding=\"async\" src=\"https:\/\/www.auxjardinsdessens.com\/wp-content\/uploads\/2017\/09\/DSC_7042-370x240.jpg\" class=\"img-responsive\" alt=\"\" \/><\/div>\n                                                                <div class=\"item \"><img decoding=\"async\" src=\"https:\/\/www.auxjardinsdessens.com\/wp-content\/uploads\/2017\/09\/DSC_7032-370x240.jpg\" class=\"img-responsive\" alt=\"\" \/><\/div>\n                                                                <div class=\"item \"><img decoding=\"async\" src=\"https:\/\/www.auxjardinsdessens.com\/wp-content\/uploads\/2017\/09\/DSC_7041-370x240.jpg\" class=\"img-responsive\" alt=\"\" \/><\/div>\n                                                                <div class=\"item \"><img decoding=\"async\" src=\"https:\/\/www.auxjardinsdessens.com\/wp-content\/uploads\/2017\/09\/DSC_7046-370x240.jpg\" class=\"img-responsive\" alt=\"\" \/><\/div>\n                                                                <div class=\"item \"><img decoding=\"async\" src=\"https:\/\/www.auxjardinsdessens.com\/wp-content\/uploads\/2017\/09\/DSC_7075-370x240.jpg\" class=\"img-responsive\" alt=\"\" \/><\/div>\n                                                                <div class=\"item \"><img decoding=\"async\" src=\"https:\/\/www.auxjardinsdessens.com\/wp-content\/uploads\/2017\/09\/DSC_7087-370x240.jpg\" class=\"img-responsive\" alt=\"\" \/><\/div>\n                                                                <div class=\"item \"><img decoding=\"async\" src=\"https:\/\/www.auxjardinsdessens.com\/wp-content\/uploads\/2017\/09\/DSC_7100-370x240.jpg\" class=\"img-responsive\" alt=\"\" \/><\/div>\n                                                                <div class=\"item \"><img decoding=\"async\" src=\"https:\/\/www.auxjardinsdessens.com\/wp-content\/uploads\/2017\/09\/DSC_7096-370x240.jpg\" class=\"img-responsive\" alt=\"\" \/><\/div>\n                                                            <\/div><!--div class=\"carousel-inner\"-->\n        <div class=\"post-gallery-carousel-nav\">\n        <div class=\"post-gallery-carousel-buttons\">\n            <a class=\"btn secondary_color_button skin-light\" href=\"#gallery-carousel-11890\" data-slide=\"prev\">\n              <span><i class=\"icon-left-open-big\"><\/i><\/span>\n            <\/a>\n            <a class=\"btn secondary_color_button skin-light\" href=\"#gallery-carousel-11890\" data-slide=\"next\">\n              <span><i class=\"icon-right-open-big\"><\/i><\/span>\n            <\/a>\n        <\/div>\n    <\/div>\n<\/div>  \n\t\t\t\t\t\t\t\n\n<div class=\"post-info\">\n\t<h4><a href=\"https:\/\/www.auxjardinsdessens.com\/?p=11890\" class=\"vc_read_more\" title=\"Detail to CENTRE MARCEAU\" target=\"_self\">CENTRE MARCEAU<\/a><\/h4>\n\t<div class=\"post-content\">\n\t\t<p>Au d\u00e9but du XX\u00e8me si\u00e8cle, en pleines \u00ab\u00a0ann\u00e9es folles\u00a0\u00bb, le 9 Avenue Hoche n&rsquo;\u00e9tait autre qu&rsquo;un dancing o\u00f9 l&rsquo;on vint guincher. Compos\u00e9 du salon Etoile, le salon Marceau, le salon Elys\u00e9e, le salon Vend\u00f4me et d\u2019une terrasse arbor\u00e9e et spacieuse situ\u00e9e au 3\u00e8me \u00e9tage Les Salons Hoche sont d\u00e9sormais un lieu de r\u00e9f\u00e9rence dans l&rsquo;organisation&hellip;<\/p>\n\t<\/div>\n<\/div>\n<div class=\"postmetabottom\">\n\t<div class=\"col-xs-7\">\n\t\t\t<\/div>\n\t\n<\/div>\n                    <\/div>\n                <\/li>                                                 <li class=\"isotope-item vc_span4 grid-cat-35 grid-cat-21 grid-cat-4\">\n                    <div class=\"isotope-inner gallery\">\n                        \t\t\t\t\t\t\t\t\t\t\t\n<div id=\"gallery-carousel-12274\" class=\"carousel slide post-gallery-carousel\" data-ride=\"carousel\" data-interval=\"3000\">\n       <div class=\"carousel-inner\">\n                                                                <div class=\"item active\"><img decoding=\"async\" src=\"https:\/\/www.auxjardinsdessens.com\/wp-content\/uploads\/2019\/04\/Elyse\u0301e-Montmartre-Fac\u0327ade-3-370x240.jpg\" class=\"img-responsive\" alt=\"\" \/><\/div>\n                                                                <div class=\"item \"><img decoding=\"async\" src=\"https:\/\/www.auxjardinsdessens.com\/wp-content\/uploads\/2019\/04\/Elyse\u0301e-Montmartre-Salle-2-370x240.jpg\" class=\"img-responsive\" alt=\"\" \/><\/div>\n                                                                <div class=\"item \"><img decoding=\"async\" src=\"https:\/\/www.auxjardinsdessens.com\/wp-content\/uploads\/2019\/04\/Elyse\u0301e-Montmartre-Diner-600-pax-1-370x240.jpg\" class=\"img-responsive\" alt=\"\" \/><\/div>\n                                                                <div class=\"item \"><img decoding=\"async\" src=\"https:\/\/www.auxjardinsdessens.com\/wp-content\/uploads\/2019\/04\/Elyse\u0301e-Montmartre-Salle-5-370x240.jpg\" class=\"img-responsive\" alt=\"\" \/><\/div>\n                                                                <div class=\"item \"><img decoding=\"async\" src=\"https:\/\/www.auxjardinsdessens.com\/wp-content\/uploads\/2019\/04\/Elysee-Montmartre-Ple\u0301nie\u0300re-et-showroom-1-370x240.jpg\" class=\"img-responsive\" alt=\"\" \/><\/div>\n                                                                <div class=\"item \"><img decoding=\"async\" src=\"https:\/\/www.auxjardinsdessens.com\/wp-content\/uploads\/2019\/04\/Elyse\u0301e-Montmartre-Foyer-370x240.jpg\" class=\"img-responsive\" alt=\"\" \/><\/div>\n                                                            <\/div><!--div class=\"carousel-inner\"-->\n        <div class=\"post-gallery-carousel-nav\">\n        <div class=\"post-gallery-carousel-buttons\">\n            <a class=\"btn secondary_color_button skin-light\" href=\"#gallery-carousel-12274\" data-slide=\"prev\">\n              <span><i class=\"icon-left-open-big\"><\/i><\/span>\n            <\/a>\n            <a class=\"btn secondary_color_button skin-light\" href=\"#gallery-carousel-12274\" data-slide=\"next\">\n              <span><i class=\"icon-right-open-big\"><\/i><\/span>\n            <\/a>\n        <\/div>\n    <\/div>\n<\/div>  \n\t\t\t\t\t\t\t\n\n<div class=\"post-info\">\n\t<h4><a href=\"https:\/\/www.auxjardinsdessens.com\/?p=12274\" class=\"vc_read_more\" title=\"Detail to ELYSEE MONTMARTRE\" target=\"_self\">ELYSEE MONTMARTRE<\/a><\/h4>\n\t<div class=\"post-content\">\n\t\t<p>Premi\u00e8re salle de bal parisienne, l\u2019\u00c9lys\u00e9e Montmartre est inaugur\u00e9 en 1807. Artistes, cocottes, hommes de lettres et ouvriers viennent admirer les danseuses et leurs pas endiabl\u00e9s : polka, chahut&#8230; Ce n\u2019est pas un hasard si l\u2019\u00c9lys\u00e9e Montmartre voit na\u00eetre le French Cancan. Offrant 1000 m2, l\u2019\u00c9lys\u00e9e Montmartre accueille jusqu&rsquo;\u00e0 1000 personnes en cocktail, soir\u00e9e, concert&hellip;<\/p>\n\t<\/div>\n<\/div>\n<div class=\"postmetabottom\">\n\t<div class=\"col-xs-7\">\n\t\t\t<\/div>\n\t\n<\/div>\n                    <\/div>\n                <\/li>                                                 <li class=\"isotope-item vc_span4 grid-cat-21 grid-cat-39 grid-cat-31\">\n                    <div class=\"isotope-inner gallery\">\n                        \t\t\t\t\t\t\t\t\t\t\t\n<div id=\"gallery-carousel-11761\" class=\"carousel slide post-gallery-carousel\" data-ride=\"carousel\" data-interval=\"3000\">\n       <div class=\"carousel-inner\">\n                                                                <div class=\"item active\"><img decoding=\"async\" src=\"https:\/\/www.auxjardinsdessens.com\/wp-content\/uploads\/2015\/11\/G0B9594_1-370x240.jpg\" class=\"img-responsive\" alt=\"\" \/><\/div>\n                                                                <div class=\"item \"><img decoding=\"async\" src=\"https:\/\/www.auxjardinsdessens.com\/wp-content\/uploads\/2015\/11\/G0B9669-3-370x240.jpg\" class=\"img-responsive\" alt=\"\" \/><\/div>\n                                                                <div class=\"item \"><img decoding=\"async\" src=\"https:\/\/www.auxjardinsdessens.com\/wp-content\/uploads\/2015\/11\/G0B9694-2-370x240.jpg\" class=\"img-responsive\" alt=\"\" \/><\/div>\n                                                                <div class=\"item \"><img decoding=\"async\" src=\"https:\/\/www.auxjardinsdessens.com\/wp-content\/uploads\/2015\/11\/G0B9844-370x240.jpg\" class=\"img-responsive\" alt=\"\" \/><\/div>\n                                                            <\/div><!--div class=\"carousel-inner\"-->\n        <div class=\"post-gallery-carousel-nav\">\n        <div class=\"post-gallery-carousel-buttons\">\n            <a class=\"btn secondary_color_button skin-light\" href=\"#gallery-carousel-11761\" data-slide=\"prev\">\n              <span><i class=\"icon-left-open-big\"><\/i><\/span>\n            <\/a>\n            <a class=\"btn secondary_color_button skin-light\" href=\"#gallery-carousel-11761\" data-slide=\"next\">\n              <span><i class=\"icon-right-open-big\"><\/i><\/span>\n            <\/a>\n        <\/div>\n    <\/div>\n<\/div>  \n\t\t\t\t\t\t\t\n\n<div class=\"post-info\">\n\t<h4><a href=\"https:\/\/www.auxjardinsdessens.com\/?p=11761\" class=\"vc_read_more\" title=\"Detail to L&rsquo;ATELIER 80\" target=\"_self\">L&rsquo;ATELIER 80<\/a><\/h4>\n\t<div class=\"post-content\">\n\t\t<p>A seulement 3 kilom\u00e8tres de Paris, id\u00e9alement situ\u00e9 au c\u0153ur du vieux bourg de Ch\u00e2tillon, l\u2019Atelier 80 est accessible que vous soyez en tram, en bus, en voiture ou \u00e0 pied. Vous cherchez un lieu authentique pour votre \u00e9v\u00e9nement ou tournage ? Id\u00e9al pour vos r\u00e9unions d\u2019affaire, L\u2019Atelier 80 se divise entre L\u2019Atelier et La&hellip;<\/p>\n\t<\/div>\n<\/div>\n<div class=\"postmetabottom\">\n\t<div class=\"col-xs-7\">\n\t\t\t<\/div>\n\t\n<\/div>\n                    <\/div>\n                <\/li>                                                 <li class=\"isotope-item vc_span4 grid-cat-21 grid-cat-39\">\n                    <div class=\"isotope-inner gallery\">\n                        \t\t\t\t\t\t\t\t\t\t\t\n<div id=\"gallery-carousel-10600\" class=\"carousel slide post-gallery-carousel\" data-ride=\"carousel\" data-interval=\"3000\">\n       <div class=\"carousel-inner\">\n                                                                <div class=\"item active\"><img decoding=\"async\" src=\"https:\/\/www.auxjardinsdessens.com\/wp-content\/uploads\/2014\/11\/cyclone-6-370x240.jpg\" class=\"img-responsive\" alt=\"\" \/><\/div>\n                                                                <div class=\"item \"><img decoding=\"async\" src=\"https:\/\/www.auxjardinsdessens.com\/wp-content\/uploads\/2014\/11\/Cyclone-7-370x240.jpg\" class=\"img-responsive\" alt=\"\" \/><\/div>\n                                                                <div class=\"item \"><img decoding=\"async\" src=\"https:\/\/www.auxjardinsdessens.com\/wp-content\/uploads\/2014\/11\/Cyclone-1-370x240.jpg\" class=\"img-responsive\" alt=\"\" \/><\/div>\n                                                                <div class=\"item \"><img decoding=\"async\" src=\"https:\/\/www.auxjardinsdessens.com\/wp-content\/uploads\/2014\/11\/Cyclone-2-370x240.jpg\" class=\"img-responsive\" alt=\"\" \/><\/div>\n                                                            <\/div><!--div class=\"carousel-inner\"-->\n        <div class=\"post-gallery-carousel-nav\">\n        <div class=\"post-gallery-carousel-buttons\">\n            <a class=\"btn secondary_color_button skin-light\" href=\"#gallery-carousel-10600\" data-slide=\"prev\">\n              <span><i class=\"icon-left-open-big\"><\/i><\/span>\n            <\/a>\n            <a class=\"btn secondary_color_button skin-light\" href=\"#gallery-carousel-10600\" data-slide=\"next\">\n              <span><i class=\"icon-right-open-big\"><\/i><\/span>\n            <\/a>\n        <\/div>\n    <\/div>\n<\/div>  \n\t\t\t\t\t\t\t\n\n<div class=\"post-info\">\n\t<h4><a href=\"https:\/\/www.auxjardinsdessens.com\/?p=10600\" class=\"vc_read_more\" title=\"Detail to LE CYCLONE\" target=\"_self\">LE CYCLONE<\/a><\/h4>\n\t<div class=\"post-content\">\n\t\t<p>Situ\u00e9 au coeur d\u00b9un jardin paysager, Cyclone le Studio est un espace contemporain de 600 m2 compos\u00e9 de 3 lofts ind\u00e9pendants ou modulables. Ils sont le\u00a0cadre id\u00e9al pour accueillir vos conf\u00e9rences de presse, s\u00e9minaires d&rsquo;entreprise, cocktails, showrooms, pr\u00e9sentations de produit, tournages ou d\u00eeners d&rsquo;affaire. La nature luxuriante, les terrasses am\u00e9nag\u00e9es, les puits de lumi\u00e8re z\u00e9nithale,&hellip;<\/p>\n\t<\/div>\n<\/div>\n<div class=\"postmetabottom\">\n\t<div class=\"col-xs-7\">\n\t\t\t<\/div>\n\t\n<\/div>\n                    <\/div>\n                <\/li>                                                 <li class=\"isotope-item vc_span4 grid-cat-36 grid-cat-21\">\n                    <div class=\"isotope-inner gallery\">\n                        \t\t\t\t\t\t\t\t\t\t\t\n<div id=\"gallery-carousel-11521\" class=\"carousel slide post-gallery-carousel\" data-ride=\"carousel\" data-interval=\"3000\">\n       <div class=\"carousel-inner\">\n                                                                <div class=\"item active\"><img decoding=\"async\" src=\"https:\/\/www.auxjardinsdessens.com\/wp-content\/uploads\/2015\/02\/BEL-AMIS-51-e1424107280452-370x240.jpg\" class=\"img-responsive\" alt=\"\" \/><\/div>\n                                                                <div class=\"item \"><img decoding=\"async\" src=\"https:\/\/www.auxjardinsdessens.com\/wp-content\/uploads\/2015\/02\/BEL-AMI-11-370x240.jpg\" class=\"img-responsive\" alt=\"\" \/><\/div>\n                                                                <div class=\"item \"><img decoding=\"async\" src=\"https:\/\/www.auxjardinsdessens.com\/wp-content\/uploads\/2015\/02\/BEL-AMI-21-370x240.jpg\" class=\"img-responsive\" alt=\"\" \/><\/div>\n                                                                <div class=\"item \"><img decoding=\"async\" src=\"https:\/\/www.auxjardinsdessens.com\/wp-content\/uploads\/2015\/02\/BEL-AMI-31-370x240.jpg\" class=\"img-responsive\" alt=\"\" \/><\/div>\n                                                                <div class=\"item \"><img decoding=\"async\" src=\"https:\/\/www.auxjardinsdessens.com\/wp-content\/uploads\/2015\/02\/BEL-AMIS-41-370x240.jpg\" class=\"img-responsive\" alt=\"\" \/><\/div>\n                                                            <\/div><!--div class=\"carousel-inner\"-->\n        <div class=\"post-gallery-carousel-nav\">\n        <div class=\"post-gallery-carousel-buttons\">\n            <a class=\"btn secondary_color_button skin-light\" href=\"#gallery-carousel-11521\" data-slide=\"prev\">\n              <span><i class=\"icon-left-open-big\"><\/i><\/span>\n            <\/a>\n            <a class=\"btn secondary_color_button skin-light\" href=\"#gallery-carousel-11521\" data-slide=\"next\">\n              <span><i class=\"icon-right-open-big\"><\/i><\/span>\n            <\/a>\n        <\/div>\n    <\/div>\n<\/div>  \n\t\t\t\t\t\t\t\n\n<div class=\"post-info\">\n\t<h4><a href=\"https:\/\/www.auxjardinsdessens.com\/?p=11521\" class=\"vc_read_more\" title=\"Detail to BATEAU LE BEL AMI\" target=\"_self\">BATEAU LE BEL AMI<\/a><\/h4>\n\t<div class=\"post-content\">\n\t\t<p>Ambiance\u00a0contemporaine et grand salon panoramique. Jusque 220 convives en cocktail &nbsp; Pour toute demande de renseignement concernant ce lieu, utilisez le formulaire ci-dessous&#8230;<\/p>\n\t<\/div>\n<\/div>\n<div class=\"postmetabottom\">\n\t<div class=\"col-xs-7\">\n\t\t\t<\/div>\n\t\n<\/div>\n                    <\/div>\n                <\/li>                                                 <li class=\"isotope-item vc_span4 grid-cat-21 grid-cat-4\">\n                    <div class=\"isotope-inner gallery\">\n                        \t\t\t\t\t\t\t\t\t\t\t\n<div id=\"gallery-carousel-11925\" class=\"carousel slide post-gallery-carousel\" data-ride=\"carousel\" data-interval=\"3000\">\n       <div class=\"carousel-inner\">\n                                                                <div class=\"item active\"><img decoding=\"async\" src=\"https:\/\/www.auxjardinsdessens.com\/wp-content\/uploads\/2017\/09\/DSC_0657-370x240.jpg\" class=\"img-responsive\" alt=\"\" \/><\/div>\n                                                                <div class=\"item \"><img decoding=\"async\" src=\"https:\/\/www.auxjardinsdessens.com\/wp-content\/uploads\/2017\/09\/DSC_0658-370x240.jpg\" class=\"img-responsive\" alt=\"\" \/><\/div>\n                                                                <div class=\"item \"><img decoding=\"async\" src=\"https:\/\/www.auxjardinsdessens.com\/wp-content\/uploads\/2017\/09\/DSC_0660-370x240.jpg\" class=\"img-responsive\" alt=\"\" \/><\/div>\n                                                                <div class=\"item \"><img decoding=\"async\" src=\"https:\/\/www.auxjardinsdessens.com\/wp-content\/uploads\/2017\/09\/DSC_0664-370x240.jpg\" class=\"img-responsive\" alt=\"\" \/><\/div>\n                                                                <div class=\"item \"><img decoding=\"async\" src=\"https:\/\/www.auxjardinsdessens.com\/wp-content\/uploads\/2017\/09\/DSC_0665-370x240.jpg\" class=\"img-responsive\" alt=\"\" \/><\/div>\n                                                                <div class=\"item \"><img decoding=\"async\" src=\"https:\/\/www.auxjardinsdessens.com\/wp-content\/uploads\/2017\/09\/DSC_0667-370x240.jpg\" class=\"img-responsive\" alt=\"\" \/><\/div>\n                                                                <div class=\"item \"><img decoding=\"async\" src=\"https:\/\/www.auxjardinsdessens.com\/wp-content\/uploads\/2017\/09\/DSC_0673-370x240.jpg\" class=\"img-responsive\" alt=\"\" \/><\/div>\n                                                                <div class=\"item \"><img decoding=\"async\" src=\"https:\/\/www.auxjardinsdessens.com\/wp-content\/uploads\/2017\/09\/DSC_0696-370x240.jpg\" class=\"img-responsive\" alt=\"\" \/><\/div>\n                                                                <div class=\"item \"><img decoding=\"async\" src=\"https:\/\/www.auxjardinsdessens.com\/wp-content\/uploads\/2017\/09\/DSC_0710-370x240.jpg\" class=\"img-responsive\" alt=\"\" \/><\/div>\n                                                            <\/div><!--div class=\"carousel-inner\"-->\n        <div class=\"post-gallery-carousel-nav\">\n        <div class=\"post-gallery-carousel-buttons\">\n            <a class=\"btn secondary_color_button skin-light\" href=\"#gallery-carousel-11925\" data-slide=\"prev\">\n              <span><i class=\"icon-left-open-big\"><\/i><\/span>\n            <\/a>\n            <a class=\"btn secondary_color_button skin-light\" href=\"#gallery-carousel-11925\" data-slide=\"next\">\n              <span><i class=\"icon-right-open-big\"><\/i><\/span>\n            <\/a>\n        <\/div>\n    <\/div>\n<\/div>  \n\t\t\t\t\t\t\t\n\n<div class=\"post-info\">\n\t<h4><a href=\"https:\/\/www.auxjardinsdessens.com\/?p=11925\" class=\"vc_read_more\" title=\"Detail to MUSEE PICASSO\" target=\"_self\">MUSEE PICASSO<\/a><\/h4>\n\t<div class=\"post-content\">\n\t\t<p>Le \u00a0Mus\u00e9e national Picasso-Paris peut accueillir vos \u00e9v\u00e9nements de prestige. l\u2019H\u00f4tel Sal\u00e9, l\u2019un des h\u00f4tels particuliers les plus remarquables du Marais historique, offre un cadre exceptionnel pour vos op\u00e9rations de relations publiques. Tout en d\u00e9couvrant de fa\u00e7on privil\u00e9gi\u00e9e la plus importante collection des \u0153uvres de Picasso au monde. &nbsp; 5, rue de Thorigny, 75003 Paris&hellip;<\/p>\n\t<\/div>\n<\/div>\n<div class=\"postmetabottom\">\n\t<div class=\"col-xs-7\">\n\t\t\t<\/div>\n\t\n<\/div>\n                    <\/div>\n                <\/li>                                                 <li class=\"isotope-item vc_span4 grid-cat-21 grid-cat-39\">\n                    <div class=\"isotope-inner gallery\">\n                        \t\t\t\t\t\t\t\t\t\t\t\n<div id=\"gallery-carousel-10709\" class=\"carousel slide post-gallery-carousel\" data-ride=\"carousel\" data-interval=\"3000\">\n       <div class=\"carousel-inner\">\n                                                                <div class=\"item active\"><img decoding=\"async\" src=\"https:\/\/www.auxjardinsdessens.com\/wp-content\/uploads\/2014\/11\/salle_partenaire_idbuffet_cartonnerie_bar_pause_g-e1423068788725-370x240.jpg\" class=\"img-responsive\" alt=\"\" \/><\/div>\n                                                                <div class=\"item \"><img decoding=\"async\" src=\"https:\/\/www.auxjardinsdessens.com\/wp-content\/uploads\/2014\/11\/salle_partenaire_idbuffet_cartonnerie_showrooml_g-e1423068833122-370x240.jpg\" class=\"img-responsive\" alt=\"\" \/><\/div>\n                                                                <div class=\"item \"><img decoding=\"async\" src=\"https:\/\/www.auxjardinsdessens.com\/wp-content\/uploads\/2014\/11\/salle_partenaire_idbuffet_cartonnerie_verriere_g1-e1423068907720-370x240.jpg\" class=\"img-responsive\" alt=\"\" \/><\/div>\n                                                                <div class=\"item \"><img decoding=\"async\" src=\"https:\/\/www.auxjardinsdessens.com\/wp-content\/uploads\/2014\/11\/salle_partenaire_idbuffet_cartonnerie_verriere_noel_g-e1423068932697-370x240.jpg\" class=\"img-responsive\" alt=\"\" \/><\/div>\n                                                                <div class=\"item \"><img decoding=\"async\" src=\"https:\/\/www.auxjardinsdessens.com\/wp-content\/uploads\/2014\/11\/salle_partenaire_idbuffet_cartonnerie_verriere_printemp_g-e1423068959355-370x240.jpg\" class=\"img-responsive\" alt=\"\" \/><\/div>\n                                                            <\/div><!--div class=\"carousel-inner\"-->\n        <div class=\"post-gallery-carousel-nav\">\n        <div class=\"post-gallery-carousel-buttons\">\n            <a class=\"btn secondary_color_button skin-light\" href=\"#gallery-carousel-10709\" data-slide=\"prev\">\n              <span><i class=\"icon-left-open-big\"><\/i><\/span>\n            <\/a>\n            <a class=\"btn secondary_color_button skin-light\" href=\"#gallery-carousel-10709\" data-slide=\"next\">\n              <span><i class=\"icon-right-open-big\"><\/i><\/span>\n            <\/a>\n        <\/div>\n    <\/div>\n<\/div>  \n\t\t\t\t\t\t\t\n\n<div class=\"post-info\">\n\t<h4><a href=\"https:\/\/www.auxjardinsdessens.com\/?p=10709\" class=\"vc_read_more\" title=\"Detail to LA CARTONNERIE\" target=\"_self\">LA CARTONNERIE<\/a><\/h4>\n\t<div class=\"post-content\">\n\t\t<p>Un espace cr\u00e9atif parisien cr\u00e9\u00e9 en 2008 autour de La Cartonnerie, Les Ateliers d\u2019Arnaud sont devenus depuis une\u00a0agence de sc\u00e9nographie, de production et de diffusion\u00a0originale dans le paysage \u00e9v\u00e8nementiel. Un site qui offre un maximum de possibilit\u00e9 pour vos rendez-vous d\u2019affaire ou vos \u00e9v\u00e8nement priv\u00e9, avec la Verri\u00e8re, la R\u00e9serve ou bien l\u2019Atelier.\u00a0Ambiance Chaleureuse, de&hellip;<\/p>\n\t<\/div>\n<\/div>\n<div class=\"postmetabottom\">\n\t<div class=\"col-xs-7\">\n\t\t\t<\/div>\n\t\n<\/div>\n                    <\/div>\n                <\/li>                                             <\/ul>\n        <\/div>\n    <\/div>     <div class=\"clear\"><\/div>\n<\/div> \n\t\t<\/div> \n\t<\/div> \n<\/div><!--- end vc_row --><\/p>\n","protected":false},"excerpt":{"rendered":"","protected":false},"author":1,"featured_media":0,"parent":0,"menu_order":0,"comment_status":"open","ping_status":"open","template":"","meta":{"sfsi_plus_gutenberg_text_before_share":"","sfsi_plus_gutenberg_show_text_before_share":"","sfsi_plus_gutenberg_icon_type":"","sfsi_plus_gutenberg_icon_alignemt":"","sfsi_plus_gutenburg_max_per_row":"","footnotes":""},"class_list":["post-1554","page","type-page","status-publish","hentry"],"_links":{"self":[{"href":"https:\/\/www.auxjardinsdessens.com\/index.php?rest_route=\/wp\/v2\/pages\/1554","targetHints":{"allow":["GET"]}}],"collection":[{"href":"https:\/\/www.auxjardinsdessens.com\/index.php?rest_route=\/wp\/v2\/pages"}],"about":[{"href":"https:\/\/www.auxjardinsdessens.com\/index.php?rest_route=\/wp\/v2\/types\/page"}],"author":[{"embeddable":true,"href":"https:\/\/www.auxjardinsdessens.com\/index.php?rest_route=\/wp\/v2\/users\/1"}],"replies":[{"embeddable":true,"href":"https:\/\/www.auxjardinsdessens.com\/index.php?rest_route=%2Fwp%2Fv2%2Fcomments&post=1554"}],"version-history":[{"count":93,"href":"https:\/\/www.auxjardinsdessens.com\/index.php?rest_route=\/wp\/v2\/pages\/1554\/revisions"}],"predecessor-version":[{"id":11201,"href":"https:\/\/www.auxjardinsdessens.com\/index.php?rest_route=\/wp\/v2\/pages\/1554\/revisions\/11201"}],"wp:attachment":[{"href":"https:\/\/www.auxjardinsdessens.com\/index.php?rest_route=%2Fwp%2Fv2%2Fmedia&parent=1554"}],"curies":[{"name":"wp","href":"https:\/\/api.w.org\/{rel}","templated":true}]}}